{"id":298,"date":"2024-07-14T14:13:20","date_gmt":"2024-07-14T14:13:20","guid":{"rendered":"https:\/\/frommenbewo.de\/?page_id=298"},"modified":"2025-01-08T08:53:34","modified_gmt":"2025-01-08T08:53:34","slug":"angebote","status":"publish","type":"page","link":"https:\/\/frommenbewo.de\/?page_id=298","title":{"rendered":"Angebote"},"content":{"rendered":"<div id=\"sp-page\" class=\"spBgcover sp-content-1\" style=\"background-color: rgb(255, 255, 255); font-family: 'Helvetica Neue', Arial, sans-serif; font-weight: 400;\">\n<section id=\"sp-w1q8vz2wi6ku\" data-mobile-visibility=\"#sp-w1q8vz2wi6ku|false\" data-tablet-visibility=\"#sp-w1q8vz2wi6ku|false\" data-desktop-visibility=\"#sp-w1q8vz2wi6ku|false\" data-mobile-css=\"\" data-tablet-css=\"\" class=\"sp-el-section \" style=\"background-color: rgb(255, 255, 255); width: 100%; max-width: 100%;\">\n<div id=\"sp-v609y4inow3g\" data-mobile-visibility=\"#sp-v609y4inow3g|false\" data-tablet-visibility=\"#sp-v609y4inow3g|false\" data-desktop-visibility=\"#sp-v609y4inow3g|false\" data-mobile-css=\"\" data-tablet-css=\"\" class=\"sp-el-row sm:sp-flex sp-w-full  sp-m-auto sp-flex-row sp-items-center\" style=\"width: 100%; max-width: 100%;\">\n<div id=\"sp-wv7xxbzhssh\" data-mobile-visibility=\"#sp-wv7xxbzhssh|false\" data-tablet-visibility=\"#sp-wv7xxbzhssh|false\" data-desktop-visibility=\"#sp-wv7xxbzhssh|false\" data-mobile-css=\"\" data-tablet-css=\"\" class=\"sp-el-col  sp-w-full\" style=\"width: calc(35% - 0px);\">\n<figure id=\"sp-ccvft5ugkzcq\" data-mobile-css=\"#sp-ccvft5ugkzcq|text-align:center;\" data-tablet-css=\"#sp-ccvft5ugkzcq|text-align:left;\" class=\"sp-image-wrapper sp-el-block\" style=\"margin: 0px; text-align: left;\">\n<div><span><a href=\"https:\/\/frommenbewo.de\/?page_id=233\" target=\"\" rel=\"noopener\" class=\"sp-inline-block\"><img loading=\"lazy\" decoding=\"async\" src=\"https:\/\/frommenbewo.de\/wp-content\/uploads\/2024\/04\/Logo_BEWO_neu_gebaut_PNG-1-1.png\" alt=\"\" width=\"2325\" height=\"1279\" srcset=\" https:\/\/frommenbewo.de\/wp-content\/uploads\/2024\/04\/Logo_BEWO_neu_gebaut_PNG-1-1-150x150.png 150w, https:\/\/frommenbewo.de\/wp-content\/uploads\/2024\/04\/Logo_BEWO_neu_gebaut_PNG-1-1-300x165.png 300w, https:\/\/frommenbewo.de\/wp-content\/uploads\/2024\/04\/Logo_BEWO_neu_gebaut_PNG-1-1-1024x563.png 1024w, https:\/\/frommenbewo.de\/wp-content\/uploads\/2024\/04\/Logo_BEWO_neu_gebaut_PNG-1-1.png 2325w\" style=\"width: 150px;\"><\/a><\/span><\/div>\n<\/figure>\n<\/div>\n<div id=\"sp-pgppww9l3fjq\" data-mobile-visibility=\"#sp-pgppww9l3fjq|false\" data-tablet-visibility=\"#sp-pgppww9l3fjq|false\" data-desktop-visibility=\"#sp-pgppww9l3fjq|false\" data-mobile-css=\"\" data-tablet-css=\"\" class=\"sp-el-col  sp-w-full\" style=\"width: calc(65% - 0px);\">\n<div id=\"sp-op7glbs4t3g\" data-mobile-css=\"#sp-op7glbs4t3g .nav-menu .menu-item |text-align:center\" data-tablet-css=\"#sp-op7glbs4t3g .nav-menu .menu-item |text-align:center\" data-mobile-visibility=\".sp-nav-menu-block-op7glbs4t3g|false\" data-tablet-visibility=\".sp-nav-menu-block-op7glbs4t3g|false\" data-desktop-visibility=\".sp-nav-menu-block-op7glbs4t3g|false\" class=\"sp-nav sp-flex sp-el-block sp-justify-center sp-nav-menu-block-op7glbs4t3g\" style=\"margin: 0px; font-size: 18px;\">\n<style type=\"text\/css\" data-mobile-css=\"\" data-tablet-css=\"\"><\/style>\n<style type=\"text\/css\" data-mobile-css=\"#sp-op7glbs4t3g ul li a |text-align:center\" data-tablet-css=\"#sp-op7glbs4t3g ul li a |text-align:center\"><\/style>\n<style type=\"text\/css\">\n    #sp-op7glbs4t3g .seedprod-menu-horizontal .nav-menu .menu-item ,#sp-op7glbs4t3g .seedprod-menu-horizontal .nav-menu .seedprod-menu-heading , #sp-op7glbs4t3g .seedprod-menu-separator {padding:0px 12.5px}<\/p>\n<p>    #sp-op7glbs4t3g .nav-menu ul.sub-menu {box-shadow:0 25px 50px -12px rgba(0, 0, 0, 0.25)}<\/p>\n<p>    #sp-op7glbs4t3g ul li a {font-size:18px}<\/p>\n<p>    #sp-op7glbs4t3g .seedprod-menu-horizontal .nav-menu .separator.menu-item { padding:0px; }<\/p>\n<p>    #sp-op7glbs4t3g .custom-restricted-width .menu-item{padding:12.5px 0px}<\/p>\n<p>    #sp-op7glbs4t3g .seedprod-menu-list li a {text-align:center}\n    #sp-op7glbs4t3g .seedprod-menu-list li{text-align:center}<\/p>\n<p>    #sp-op7glbs4t3g .seedprod-menu-list li a:hover {text-align:center}<\/p>\n<p>    #sp-op7glbs4t3g .sp-nav-wrapper li a:hover {text-align:center}<\/p>\n<p>    #sp-op7glbs4t3g .sub-menu {border-radius:6px;padding:4px 4px 4px 4px }<\/p>\n<p>    #sp-op7glbs4t3g .sub-menu a {}<\/p>\n<p>    #sp-op7glbs4t3g ul.seedprod-menu-list ul.sub-menu li a:hover{}<\/p>\n<p>    #sp-op7glbs4t3g .bar{background-color:;}\n  <\/style>\n<div class=\"sp-nested-nav-wrapper h sp-nav-classmenu-1\">\n<div class=\"seedprod-menu seedprod-menu-builder seedprod-menu-horizontal sp-mobile-menu-true\">\n<div class=\"\">\n<nav class=\"nav-bar\">\n<div class=\"hamburger\"><span class=\"bar\"><\/span><span class=\"bar\"><\/span><span class=\"bar\"><\/span><\/div>\n<div class=\"nav-menu\">\n<div>\n              <div class=\"nav-menu-bar\"><ul id=\"menu-menu-1\" class=\"seedprod-menu-list\"><li id=\"menu-item-650\" class=\"menu-item menu-item-type-post_type menu-item-object-page menu-item-home menu-item-650\"><a href=\"https:\/\/frommenbewo.de\/\">\u00dcber uns<\/a><\/li>\n<li id=\"menu-item-647\" class=\"menu-item menu-item-type-post_type menu-item-object-page menu-item-647\"><a href=\"https:\/\/frommenbewo.de\/?page_id=292\">Das Team<\/a><\/li>\n<li id=\"menu-item-645\" class=\"menu-item menu-item-type-post_type menu-item-object-page menu-item-645\"><a href=\"https:\/\/frommenbewo.de\/?page_id=298\">Angebote<\/a><\/li>\n<li id=\"menu-item-866\" class=\"menu-item menu-item-type-post_type menu-item-object-page menu-item-866\"><a href=\"https:\/\/frommenbewo.de\/?page_id=301\">Aktuelles<\/a><\/li>\n<li id=\"menu-item-652\" class=\"menu-item menu-item-type-post_type menu-item-object-page menu-item-652\"><a href=\"https:\/\/frommenbewo.de\/?page_id=261\">Kontakt<\/a><\/li>\n<li id=\"menu-item-649\" class=\"menu-item menu-item-type-post_type menu-item-object-page menu-item-649\"><a href=\"https:\/\/frommenbewo.de\/?page_id=474\">Einfache Sprache<\/a><\/li>\n<\/ul><\/div>\n            <\/div>\n<div><script> jQuery(document).ready(function(){   initDropdowns(); }); <\/script><\/div>\n<\/div>\n<\/nav>\n<\/div>\n<\/div>\n<\/div>\n<\/div>\n<\/div>\n<\/div>\n<div id=\"sp-z2zkx4\" data-mobile-visibility=\"#sp-z2zkx4|false\" data-tablet-visibility=\"#sp-z2zkx4|false\" data-desktop-visibility=\"#sp-z2zkx4|false\" data-mobile-css=\"\" data-tablet-css=\"\" class=\"sp-el-row sm:sp-flex sp-w-full  sp-m-auto sp-justify-between\" style=\"width: 100%; max-width: 100%;\">\n<div id=\"sp-ys9dgc\" data-mobile-visibility=\"#sp-ys9dgc|false\" data-tablet-visibility=\"#sp-ys9dgc|false\" data-desktop-visibility=\"#sp-ys9dgc|false\" data-mobile-css=\"\" data-tablet-css=\"\" class=\"sp-el-col  sp-w-full\" style=\"width: calc(100% - 0px);\"><span href=\"\" target=\"\" rel=\"\" class=\"sp-header-block-link\" style=\"text-decoration: none;\"><\/p>\n<h1 id=\"sp-rt59if\" data-mobile-css=\".sp-headline-block-rt59if, #sp-rt59if, #rt59if|text-align:center;\" data-tablet-css=\".sp-headline-block-rt59if, #sp-rt59if, #rt59if|text-align:center;\" data-mobile-visibility=\".sp-headline-block-rt59if|false\" data-tablet-visibility=\".sp-headline-block-rt59if|false\" data-desktop-visibility=\".sp-headline-block-rt59if|false\" class=\"sp-css-target sp-el-block sp-headline-block-rt59if sp-type-header\" style=\"font-weight: 300; font-style: normal; font-family: 'Quicksand'; color: rgb(113, 113, 112); text-align: center; margin: 0px;\">Unsere Angebote<\/h1>\n<p><\/span><\/p>\n<div id=\"sp-iskqhl\" data-mobile-visibility=\".sp-divider-block-iskqhl|false\" data-tablet-visibility=\".sp-divider-block-iskqhl|false\" data-desktop-visibility=\".sp-divider-block-iskqhl|false\" data-mobile-css=\"#sp-iskqhl .sp-divider-text-block .sp-divider-text, #sp-iskqhl|justify-content:center;padding:10px 0px 10px 0px ;\" data-tablet-css=\"#sp-iskqhl .sp-divider-text-block .sp-divider-text, #sp-iskqhl|justify-content:center;padding:10px 0px 10px 0px ;\" class=\"sp-divider-wrapper sp-flex sp-el-block sp-divider-block-iskqhl\" style=\"margin: 0px; justify-content: center; padding: 10px 0px;\">\n<style type=\"text\/css\">\n    #sp-iskqhl .sp-divider-separator::after , #sp-iskqhl .sp-divider-separator::before  {content:\"\"}\n    #sp-iskqhl .sp-divider .sp-divider-separator::after , #sp-iskqhl .sp-divider .sp-divider-separator::before {display:block;border-top:2px solid #717170}\n    #sp-iskqhl .sp-divider .sp-divider-text-block .sp-divider-text \n    {color:#717170}\n    #sp-iskqhl .sp-divider .sp-divider-text-block.sp-divider-icon-block \n    {color:#717170}\n  <\/style>\n<div class=\"sp-divider sp-flex\" style=\"width: 25%; border-top: 2px solid rgb(113, 113, 112);\"><\/div>\n<\/div>\n<div id=\"sp-x6lb70\" data-mobile-css=\"#sp-x6lb70|height:40px;\" data-tablet-css=\"#sp-x6lb70|height:10px;\" class=\"sp-spacer\" style=\"height: 60px;\"><\/div>\n<\/div>\n<\/div>\n<\/section>\n<section id=\"sp-s2gr5x\" data-mobile-visibility=\"#sp-s2gr5x|false\" data-tablet-visibility=\"#sp-s2gr5x|false\" data-desktop-visibility=\"#sp-s2gr5x|false\" data-mobile-css=\"\" data-tablet-css=\"\" class=\"sp-el-section \" style=\"width: 100%; max-width: 100%;\">\n<div id=\"sp-vw3kvy\" data-mobile-visibility=\"#sp-vw3kvy|false\" data-tablet-visibility=\"#sp-vw3kvy|false\" data-desktop-visibility=\"#sp-vw3kvy|false\" data-mobile-css=\"\" data-tablet-css=\"\" class=\"sp-el-row sm:sp-flex sp-w-full  sp-m-auto sp-justify-between\" style=\"padding: 0px;\">\n<div id=\"sp-rigcv2\" data-mobile-visibility=\"#sp-rigcv2|false\" data-tablet-visibility=\"#sp-rigcv2|false\" data-desktop-visibility=\"#sp-rigcv2|false\" data-mobile-css=\"\" data-tablet-css=\"\" class=\"sp-el-col  sp-w-full\" style=\"width: calc(100% - 0px);\">\n<div id=\"sp-j1gdve\" data-mobile-css=\"\" data-tablet-css=\"\" data-mobile-visibility=\".sp-accordion-block-j1gdve|false\" data-desktop-visibility=\".sp-accordion-block-j1gdve|false\" data-tablet-visibility=\".sp-accordion-block-j1gdve|false\" class=\"sp-accordion-wrapper sp-css-target sp-el-block sp-accordion-block-j1gdve\" style=\"margin: 0px; font-size: 18px; font-family: 'Quicksand'; font-weight: 300; font-style: normal;\">\n<div>\n<details style=\"margin: 0px 0px 12px;\">\n<summary class=\"sp-flex sp-items-center\"><span class=\"sp-flex sp-items-center sp-w-full\"><span class=\"sp-icon-wrapper sp-mr-4 sp-acc-closed\"><i id=\"sp-acc-closed-icon-id-j1gdve\" data-mobile-css=\"\" data-tablet-css=\"\" class=\"fa-fw fa-lg fas fa-chevron-right\" style=\"width: 36px; line-height: 36px; font-size: 18px;\"><\/i><\/span><span class=\"sp-icon-wrapper sp-mr-4 sp-acc-open\"><i id=\"sp-acc-open-icon-id-j1gdve\" data-mobile-css=\"\" data-tablet-css=\"\" class=\"fa-fw fa-lg fas fa-minus\" style=\"width: 36px; line-height: 36px; font-size: 18px; color: rgb(37, 59, 37);\"><\/i><\/span><span data-mobile-css=\"\" data-tablet-css=\"\" class=\"sp-acc-header sp-acc-header-editor-j1gdve\" style=\"font-weight: 500; font-style: normal; font-family: 'Quicksand'; color: rgb(37, 59, 37);\"><span style=\"color: #717171;\"><strong>Assistenzleistungen als Leistung zur Sozialen Teilhabe<\/strong><\/span><\/span><\/span><\/summary>\n<p><span><br \/><span style=\"color: #717171;\">Wir bieten Assistenzleistungen an, um Menschen mit Beeintr\u00e4chtigungen ihre gleichberechtigte soziale Teilhabe zu erleichtern bzw. zu erm\u00f6glichen. <\/span><\/p>\n<p><span style=\"color: #717171;\">Es handelt sich hier um Leistungen der qualifizierten und kompensatorischen Assistenz, die die leistungsberechtigte Person darin unterst\u00fctzen, den Alltag einschlie\u00dflich der Tagesstrukturierung selbstbestimmt und eigenst\u00e4ndig zu bew\u00e4ltigen. <\/span><\/p>\n<p><span style=\"color: #717171;\">Die Leistungen umfassen zum einen die vollst\u00e4ndige und teilweise \u00dcbernahme von Handlungen zur Alltagsbew\u00e4ltigung sowie die Begleitung der Leistungsberechtigen (sog. kompensatorische Assistenz, \u00a778 Abs.2 Satz 2 SGB IX) und zum anderen die Bef\u00e4higung der Leistungsberechtigten zu einer eigenst\u00e4ndigen Alltagsbew\u00e4ltigung (sog. qualifizierte Assistenz \u00a778 Abs.2 Satz 3 SGB IX ).<\/span><\/p>\n<p><span style=\"color: #717171;\">Auch M\u00fctter und V\u00e4ter mit Beeintr\u00e4chtigung erhalten u.U. Leistungen zur Assistenz f\u00fcr die Versorgung und Betreuung ihrer Kinder (sog. Elternassistenz, \u00a778 Abs. 3 SGB IX)<\/span><\/p>\n<p><span style=\"color: #717171;\">Diese Leistungen k\u00f6nnen beim zust\u00e4ndigen Kostentr\u00e4ger beantragt werden. Dies ist in der Regel der Landschaftsverband Rheinland (LVR) oder bei jungen Erwachsenen das Jugendamt (dann im Rahmen der Jugendhilfe gem. \u00a741 i.V.m. \u00a735a SGB XIII).<\/span><\/p>\n<p><span style=\"color: #717171;\">Wir helfen Ihnen sehr gerne bei der Antragstellung und beraten Sie umfassend.<\/span><\/span><\/details>\n<hr style=\"border-top: 1px solid rgb(39, 39, 39);\"><\/div>\n<div>\n<details style=\"margin: 12px 0px;\">\n<summary class=\"sp-flex sp-items-center\"><span class=\"sp-flex sp-items-center sp-w-full\"><span class=\"sp-icon-wrapper sp-mr-4 sp-acc-closed\"><i id=\"sp-acc-closed-icon-id-j1gdve\" data-mobile-css=\"\" data-tablet-css=\"\" class=\"fa-fw fa-lg fas fa-chevron-right\" style=\"width: 36px; line-height: 36px; font-size: 18px;\"><\/i><\/span><span class=\"sp-icon-wrapper sp-mr-4 sp-acc-open\"><i id=\"sp-acc-open-icon-id-j1gdve\" data-mobile-css=\"\" data-tablet-css=\"\" class=\"fa-fw fa-lg fas fa-minus\" style=\"width: 36px; line-height: 36px; font-size: 18px; color: rgb(37, 59, 37);\"><\/i><\/span><span data-mobile-css=\"\" data-tablet-css=\"\" class=\"sp-acc-header sp-acc-header-editor-j1gdve\" style=\"font-weight: 500; font-style: normal; font-family: 'Quicksand'; color: rgb(37, 59, 37);\"><span style=\"color: #717171;\"><strong>Kompensatorische Assistenz gem. \u00a778 Abs.2 Nr. 1 SGB IX<\/strong><\/span><br \/><span style=\"color: #717171;\"><strong>Kompensatorische Elternassistenz gem. \u00a778 Abs. 3 SGB IX<\/strong><\/span><\/span><\/span><\/summary>\n<p><span><br \/><span style=\"color: #717171;\">Wir erbringen Leistungen der kompensatorischen Assistenz. <\/span><\/p>\n<p><span style=\"color: #717171;\">Diese Leistungen tragen zu einer eigenst\u00e4ndigen und selbstbestimmten Alltagsbew\u00e4ltigung bei und umfassen <strong>die vollst\u00e4ndige und teilweise \u00dcbernahme<\/strong> von Handlungen zur Alltagsbew\u00e4ltigung sowie die <strong>Begleitung<\/strong> der Leistungsberechtigten in den Bereichen<\/span><\/p>\n<p><span style=\"color: #717171;\">Haushaltsf\u00fchrung<\/span><\/p>\n<p><span style=\"color: #717171;\">Gestaltung sozialer Beziehungen<\/span><\/p>\n<p><span style=\"color: #717171;\">pers\u00f6nliche Lebensplanung<\/span><\/p>\n<p><span style=\"color: #717171;\">Teilhabe am gemeinschaftlichen und kulturellen Leben<\/span><\/p>\n<p><span style=\"color: #717171;\">Freizeitgestaltung inklusive sportlicher Aktivit\u00e4ten<\/span><\/p>\n<p><span style=\"color: #717171;\">Sicherstellung der Wirksamkeit der \u00e4rztlichen und \u00e4rztlich verordneten Leistungen<\/span><\/p>\n<p><span style=\"color: #717171;\">Tagesstrukturierung<\/span><\/p>\n<p><span style=\"color: #717171;\">allgemeine Erledigungen des Alltags<\/span><\/p>\n<p><span style=\"color: #717171;\">Verst\u00e4ndigung mit der Umwelt<\/span><\/p>\n<p><span style=\"color: #717171;\">Diese Assistenzleistungen umfassen auch Leistungen an M\u00fctter und V\u00e4ter mit Behinderungen bei der Versorgung und Betreuung ihrer Kinder.<\/span><\/span><\/details>\n<hr style=\"border-top: 1px solid rgb(39, 39, 39);\"><\/div>\n<div>\n<details style=\"margin: 12px 0px;\">\n<summary class=\"sp-flex sp-items-center\"><span class=\"sp-flex sp-items-center sp-w-full\"><span class=\"sp-icon-wrapper sp-mr-4 sp-acc-closed\"><i id=\"sp-acc-closed-icon-id-j1gdve\" data-mobile-css=\"\" data-tablet-css=\"\" class=\"fa-fw fa-lg fas fa-chevron-right\" style=\"width: 36px; line-height: 36px; font-size: 18px;\"><\/i><\/span><span class=\"sp-icon-wrapper sp-mr-4 sp-acc-open\"><i id=\"sp-acc-open-icon-id-j1gdve\" data-mobile-css=\"\" data-tablet-css=\"\" class=\"fa-fw fa-lg fas fa-minus\" style=\"width: 36px; line-height: 36px; font-size: 18px; color: rgb(37, 59, 37);\"><\/i><\/span><span data-mobile-css=\"\" data-tablet-css=\"\" class=\"sp-acc-header sp-acc-header-editor-j1gdve\" style=\"font-weight: 500; font-style: normal; font-family: 'Quicksand'; color: rgb(37, 59, 37);\"><span style=\"color: #717171;\"><strong>Qualifizierte Assistenz gem. \u00a778 Abs. 2 Nr. 2 SGB IX<\/strong><\/span><br \/><span style=\"color: #717171;\"><strong>Qualifizierte Elternassistenz gem. \u00a778 Abs. 3 SGB IX<\/strong><\/span><\/span><\/span><\/summary>\n<p><span><br \/><span style=\"color: #717171;\">Wir erbringen Leistungen der qualifizierten Assistenz.<\/span><\/p>\n<p><span style=\"color: #717171;\">Diese Leistungen dienen der <strong>Bef\u00e4higung<\/strong> zu einer eigenst\u00e4ndigen und selbstbestimmten Alltagsbew\u00e4ltigung durch <strong>Anleitungen und \u00dcbungen<\/strong>. Sie werden ausschlie\u00dflich von Fachkr\u00e4ften erbracht. Sie sollen die leistungsberechtige Person darin unterst\u00fctzen, in folgenden Bereichen selbst\u00e4ndig und eigenverantwortlich zu entscheiden und zu handeln: <\/span><\/p>\n<p><span style=\"color: #717171;\">Haushaltsf\u00fchrung<\/span><\/p>\n<p><span style=\"color: #717171;\">Gestaltung sozialer Beziehungen<\/span><\/p>\n<p><span style=\"color: #717171;\">pers\u00f6nliche Lebensplanung<\/span><\/p>\n<p><span style=\"color: #717171;\">Teilhabe am gemeinschaftlichen und kulturellen Leben<\/span><\/p>\n<p><span style=\"color: #717171;\">Freizeitgestaltung inklusive sportlicher Aktivit\u00e4ten<\/span><\/p>\n<p><span style=\"color: #717171;\">Sicherstellung der Wirksamkeit der \u00e4rztlichen und \u00e4rztlich verordneten Leistungen<\/span><\/p>\n<p><span style=\"color: #717171;\">Tagesstrukturieren<\/span><\/p>\n<p><span style=\"color: #717171;\">Allgemeine Erledigungen des Alltags<\/span><\/p>\n<p><span style=\"color: #717171;\">Verst\u00e4ndigung mit der Umwelt<\/span><\/p>\n<p><span style=\"color: #717171;\">Diese Assistenzleistungen umfassen auch Leistungen an M\u00fctter und V\u00e4ter mit Behinderungen bei der Versorgung und Betreuung ihrer Kinder. <br \/><\/span><\/span><\/details>\n<hr style=\"border-top: 1px solid rgb(39, 39, 39);\"><\/div>\n<div>\n<details style=\"margin: 12px 0px 0px;\">\n<summary class=\"sp-flex sp-items-center\"><span class=\"sp-flex sp-items-center sp-w-full\"><span class=\"sp-icon-wrapper sp-mr-4 sp-acc-closed\"><i id=\"sp-acc-closed-icon-id-j1gdve\" data-mobile-css=\"\" data-tablet-css=\"\" class=\"fa-fw fa-lg fas fa-chevron-right\" style=\"width: 36px; line-height: 36px; font-size: 18px;\"><\/i><\/span><span class=\"sp-icon-wrapper sp-mr-4 sp-acc-open\"><i id=\"sp-acc-open-icon-id-j1gdve\" data-mobile-css=\"\" data-tablet-css=\"\" class=\"fa-fw fa-lg fas fa-minus\" style=\"width: 36px; line-height: 36px; font-size: 18px; color: rgb(37, 59, 37);\"><\/i><\/span><span data-mobile-css=\"\" data-tablet-css=\"\" class=\"sp-acc-header sp-acc-header-editor-j1gdve\" style=\"font-weight: 500; font-style: normal; font-family: 'Quicksand'; color: rgb(37, 59, 37);\"><span style=\"color: #717171;\"><strong>Soziotherapie gem. \u00a737a SGB V<\/strong><\/span><\/span><\/span><\/summary>\n<p><span><br \/><span style=\"color: #717171;\">Soziotherapie richtet sich an Menschen mit einer schweren psychischen Erkrankung. Ihr Ziel ist es, betroffene Personen in die Lage zu versetzen, \u00e4rztliche oder psychotherapeutische sowie \u00e4rztlich oder psychotherapeutisch verordneter Ma\u00dfnahmen selbst\u00e4ndig in Anspruch zu nehmen oder umzusetzen. Sie soll eingesetzt werden, um Krankenhausbehandlungen zu vermeiden oder zu verk\u00fcrzen. Sie kann auch dann eingesetzt werden, wenn eine Krankenhausbehandlung zwar geboten, aber nicht umgesetzt werden kann. Die soziotherapeutische Fachkraft koordiniert die verordneten Leistungen, motiviert und leitete deren Inanspruchnahme an.<\/span><\/p>\n<p><span style=\"color: #717171;\">Zu den Angeboten der Soziotherapie geh\u00f6ren:<\/span><\/p>\n<p><span style=\"color: #717171;\">&#8211; Erstellung eines Behandlungsplans<\/span><br \/><span style=\"color: #717171;\">&#8211; Dokumentation des Behandlungsverlaufs<\/span><br \/><span style=\"color: #717171;\">&#8211; Analyse der h\u00e4uslichen, sozialen und beruflichen Situation der leistungsberechtigen Person<\/span><br \/><span style=\"color: #717171;\">&#8211; Einbeziehung des sozialen Umfeldes<\/span><br \/><span style=\"color: #717171;\">&#8211; Anbindung an komplement\u00e4re Dienste<\/span><br \/><span style=\"color: #717171;\">&#8211; Aktive Hilfe und Begleitung<\/span><br \/><span style=\"color: #717171;\">&#8211; Praktische \u00dcbungen im Lebensumfeld zur Verbesserung von Motivation, Belastbarkeit und Ausdauer <\/span><br \/><span style=\"color: #717171;\">&#8211; Anleitung zur Selbsthilfe und Selbst\u00e4ndigkeit <\/span><br \/><span style=\"color: #717171;\">&#8211; Ein\u00fcbung von \u00c4nderungen im Verhalten<\/span><br \/><span style=\"color: #717171;\">&#8211; \u00dcbungen zur Tagesstrukturierung<\/span><br \/><span style=\"color: #717171;\">&#8211; \u00dcbungen zum planerischen Denken<\/span><br \/><span style=\"color: #717171;\">&#8211; Ein\u00fcbung von selbst\u00e4ndiger Konfliktvermeidung bzw. -l\u00f6sung<\/span><br \/><span style=\"color: #717171;\">&#8211; Hilfe zur Krisenvermeidung<\/span><br \/><span style=\"color: #717171;\">&#8211; Hilfe bei der Erkennung von Krisen (Fr\u00fchwarnzeichen)<\/span><br \/><span style=\"color: #717171;\">&#8211; Hilfe in Krisensituationen (Krisenintervention)<\/span><br \/><span style=\"color: #717171;\">&#8211; F\u00f6rderung der Compliance<\/span><br \/><span style=\"color: #717171;\">&#8211; F\u00f6rderung von gesunden Pers\u00f6nlichkeitsanteilen<\/span><\/p>\n<p><span style=\"color: #717171;\">Unser Angebot der Soziotherapie basiert auf \u00a737a SGB V und ist somit eine Leistung der gesetzlichen &#8211;Krankenversicherungen. Sie ist ab 18 Jahren zuzahlungspflichtig, es sei denn man ist von den Zuzahlungen befreit.<\/span><\/p>\n<p><span style=\"color: #717171;\">Ein Anspruch auf Soziotherapie umfasst h\u00f6chstens 120 Stunden innerhalb von drei Jahren. <\/span><\/p>\n<p><span style=\"color: #717171;\">Soziotherapie kann von Psychiater*innen, Neurolog*innen und Psychotherapeut*innen verordnet werden. Der Behandlungsplan wird zwischen Verordner*in, Behandler*in und Patient*in abgestimmt und von der soziotherapeutischen Fachkraft erstellt.<\/span><\/span><\/details>\n<hr style=\"border-top: 0px solid rgb(39, 39, 39);\"><\/div>\n<\/div>\n<\/div>\n<\/div>\n<div id=\"sp-xqmp6j\" data-mobile-visibility=\"#sp-xqmp6j|false\" data-tablet-visibility=\"#sp-xqmp6j|false\" data-desktop-visibility=\"#sp-xqmp6j|false\" data-mobile-css=\"\" data-tablet-css=\"\" class=\"sp-el-row sm:sp-flex sp-w-full  sp-m-auto sp-justify-between\">\n<div id=\"sp-xl4o4u\" data-mobile-visibility=\"#sp-xl4o4u|false\" data-tablet-visibility=\"#sp-xl4o4u|false\" data-desktop-visibility=\"#sp-xl4o4u|false\" data-mobile-css=\"\" data-tablet-css=\"\" class=\"sp-el-col  sp-w-full\" style=\"width: calc(100% - 0px);\">\n<div id=\"sp-s7g9m5\" data-mobile-css=\"#sp-s7g9m5|height:40px;\" data-tablet-css=\"#sp-s7g9m5|height:10px;\" class=\"sp-spacer\" style=\"height: 400px;\"><\/div>\n<\/div>\n<\/div>\n<\/section>\n<section id=\"sp-a5beaqotb6og\" data-mobile-visibility=\"#sp-a5beaqotb6og|true\" data-tablet-visibility=\"#sp-a5beaqotb6og|true\" data-desktop-visibility=\"#sp-a5beaqotb6og|false\" data-mobile-css=\"\" data-tablet-css=\"\" class=\"sp-el-section \" style=\"background-color: rgb(255, 255, 255); width: 100%; max-width: 100%;\">\n<div id=\"sp-jde4v6h8uv4f\" data-mobile-visibility=\"#sp-jde4v6h8uv4f|false\" data-tablet-visibility=\"#sp-jde4v6h8uv4f|false\" data-desktop-visibility=\"#sp-jde4v6h8uv4f|false\" data-mobile-css=\"\" data-tablet-css=\"\" class=\"sp-el-row sm:sp-flex sp-w-full  sp-m-auto sp-flex-row sp-items-center\" style=\"background-color: rgba(255, 255, 255, 0); width: auto; max-width: 1600px;\">\n<div id=\"sp-xrf9pt7z2jz\" data-mobile-visibility=\"#sp-xrf9pt7z2jz|false\" data-tablet-visibility=\"#sp-xrf9pt7z2jz|false\" data-desktop-visibility=\"#sp-xrf9pt7z2jz|false\" data-mobile-css=\"\" data-tablet-css=\"\" class=\"sp-el-col  sp-w-full\" style=\"width: calc(33.3333% - 0px);\">\n<figure id=\"sp-gmr242ey32k\" data-mobile-css=\"#sp-gmr242ey32k|text-align:center;\" data-tablet-css=\"#sp-gmr242ey32k|text-align:center;\" class=\"sp-image-wrapper sp-el-block\" style=\"margin: 0px; text-align: center;\">\n<div><span><a href=\"https:\/\/frommenbewo.de\/?page_id=233\" target=\"\" rel=\"noopener\" class=\"sp-inline-block\"><img loading=\"lazy\" decoding=\"async\" src=\"https:\/\/frommenbewo.de\/wp-content\/uploads\/2024\/04\/Logo_BEWO_neu_gebaut_PNG-1-1.png\" alt=\"\" width=\"2325\" height=\"1279\" srcset=\" https:\/\/frommenbewo.de\/wp-content\/uploads\/2024\/04\/Logo_BEWO_neu_gebaut_PNG-1-1-150x150.png 150w, https:\/\/frommenbewo.de\/wp-content\/uploads\/2024\/04\/Logo_BEWO_neu_gebaut_PNG-1-1-300x165.png 300w, https:\/\/frommenbewo.de\/wp-content\/uploads\/2024\/04\/Logo_BEWO_neu_gebaut_PNG-1-1-1024x563.png 1024w, https:\/\/frommenbewo.de\/wp-content\/uploads\/2024\/04\/Logo_BEWO_neu_gebaut_PNG-1-1.png 2325w\" style=\"width: 200px;\"><\/a><\/span><\/div>\n<\/figure>\n<\/div>\n<div id=\"sp-hbj1w8osyqe4\" data-mobile-visibility=\"#sp-hbj1w8osyqe4|false\" data-tablet-visibility=\"#sp-hbj1w8osyqe4|false\" data-desktop-visibility=\"#sp-hbj1w8osyqe4|false\" data-mobile-css=\"\" data-tablet-css=\"\" class=\"sp-el-col  sp-w-full\" style=\"width: calc(33.3333% - 0px);\">\n<div id=\"sp-z7brxb\" data-mobile-css=\".sp-text-wrapper-z7brxb, #sp-z7brxb, #z7brxb|text-align:left;\" data-tablet-css=\".sp-text-wrapper-z7brxb, #sp-z7brxb, #z7brxb|text-align:left;\" data-mobile-visibility=\".sp-text-wrapper-z7brxb|false\" data-tablet-visibility=\".sp-text-wrapper-z7brxb|false\" data-desktop-visibility=\".sp-text-wrapper-z7brxb|false\" class=\"sp-css-target sp-text-wrapper sp-el-block sp-text-block-style sp-text-wrapper-z7brxb\" style=\"font-size: 15px; color: rgb(113, 113, 112); margin: 0px; text-align: left;\">\n<p>\u26b2&nbsp; Luxemburger Str. 284, <br \/>&nbsp; &nbsp; 50937 K\u00f6ln<br \/>\u2706 0177 8388966 <br \/>\u260f 0221\/16821887 <br \/>\ud83d\uddb7 0221\/9419194<br \/>\u2709 frommen@frommen-bewo.de<\/p>\n<\/div>\n<\/div>\n<div id=\"sp-jyjgm73eypfa\" data-mobile-visibility=\"#sp-jyjgm73eypfa|false\" data-tablet-visibility=\"#sp-jyjgm73eypfa|false\" data-desktop-visibility=\"#sp-jyjgm73eypfa|false\" data-mobile-css=\"\" data-tablet-css=\"\" class=\"sp-el-col  sp-w-full\" style=\"width: calc(33.3333% - 0px);\">\n<div id=\"sp-qjespx0ie0e\" data-mobile-css=\".sp-text-wrapper-qjespx0ie0e, #sp-qjespx0ie0e, #qjespx0ie0e|text-align:left;\" data-tablet-css=\".sp-text-wrapper-qjespx0ie0e, #sp-qjespx0ie0e, #qjespx0ie0e|text-align:left;\" data-mobile-visibility=\".sp-text-wrapper-qjespx0ie0e|false\" data-tablet-visibility=\".sp-text-wrapper-qjespx0ie0e|false\" data-desktop-visibility=\".sp-text-wrapper-qjespx0ie0e|false\" class=\"sp-css-target sp-text-wrapper sp-el-block sp-text-block-style sp-text-wrapper-qjespx0ie0e\" style=\"font-size: 15px; font-weight: 300; font-style: normal; color: rgb(113, 113, 112); margin: 0px; text-align: left;\">\n<p><a style=\"line-height: 1.8;\" href=\"..\/?page_id=288\">Impressum<\/a><br \/><a href=\"..\/wp-content\/uploads\/2024\/07\/Links-Quicksand.pdf\">Relevante Links<\/a><br \/><a style=\"line-height: 1.8;\" href=\"..\/wp-content\/uploads\/2024\/07\/Beschwerdemanagement-Quicksand.pdf\" target=\"_blank\" rel=\"noopener\">Beschwerdemanagement<\/a><br \/><a style=\"line-height: 1.8;\" href=\"..\/wp-content\/uploads\/2024\/07\/Datenschutzerklaerung-Quicksand.pdf\" target=\"_blank\" rel=\"noopener\">Datenschutzerkl\u00e4rung<\/a><br \/><a style=\"line-height: 1.8;\" href=\"..\/wp-content\/uploads\/2024\/07\/Gewaltschutz-Quicksand.pdf\" target=\"_blank\" rel=\"noopener\">Gewaltschutz<\/a><br \/><a style=\"line-height: 1.8;\" href=\"..\/wp-content\/uploads\/2024\/07\/Leitbild-unseres-Dienstes-Quicksand.pdf\" target=\"_blank\" rel=\"noopener\">Leitbild unseres Dienstes<\/a><\/p>\n<\/div>\n<\/div>\n<\/div>\n<div id=\"sp-g0kl8ggdpd42\" data-mobile-visibility=\"#sp-g0kl8ggdpd42|false\" data-tablet-visibility=\"#sp-g0kl8ggdpd42|false\" data-desktop-visibility=\"#sp-g0kl8ggdpd42|false\" data-mobile-css=\"\" data-tablet-css=\"\" class=\"sp-el-row sm:sp-flex sp-w-full  sp-m-auto sp-flex-row sp-items-center\" style=\"background-color: rgb(255, 255, 255); width: auto; max-width: 1600px;\">\n<div id=\"sp-dmxhfqmhuyc\" data-mobile-visibility=\"#sp-dmxhfqmhuyc|false\" data-tablet-visibility=\"#sp-dmxhfqmhuyc|false\" data-desktop-visibility=\"#sp-dmxhfqmhuyc|false\" data-mobile-css=\"\" data-tablet-css=\"\" class=\"sp-el-col  sp-w-full\" style=\"width: calc(33.3333% - 0px);\">\n<div id=\"sp-ez8uj75rd0lf\" data-mobile-css=\".sp-text-wrapper-ez8uj75rd0lf, #sp-ez8uj75rd0lf, #ez8uj75rd0lf|text-align:left;\" data-tablet-css=\".sp-text-wrapper-ez8uj75rd0lf, #sp-ez8uj75rd0lf, #ez8uj75rd0lf|text-align:left;\" data-mobile-visibility=\".sp-text-wrapper-ez8uj75rd0lf|false\" data-tablet-visibility=\".sp-text-wrapper-ez8uj75rd0lf|false\" data-desktop-visibility=\".sp-text-wrapper-ez8uj75rd0lf|false\" class=\"sp-css-target sp-text-wrapper sp-el-block sp-text-block-style sp-text-wrapper-ez8uj75rd0lf\" style=\"font-size: 15px; font-weight: 300; font-style: normal; font-family: 'Quicksand'; color: rgb(113, 113, 112); margin: 0px; text-align: center;\">\n<p>\u00a9 2024 Frommen BEWO<\/p>\n<\/div>\n<\/div>\n<div id=\"sp-nkypsdjxh3aj\" data-mobile-visibility=\"#sp-nkypsdjxh3aj|false\" data-tablet-visibility=\"#sp-nkypsdjxh3aj|false\" data-desktop-visibility=\"#sp-nkypsdjxh3aj|false\" data-mobile-css=\"\" data-tablet-css=\"\" class=\"sp-el-col  sp-w-full\" style=\"width: calc(33.3333% - 0px);\">\n<figure id=\"sp-vczbipi0uir\" data-mobile-css=\"#sp-vczbipi0uir|text-align:center;\" data-tablet-css=\"#sp-vczbipi0uir|text-align:center;\" class=\"sp-image-wrapper sp-el-block\" style=\"margin: 0px; text-align: left;\">\n<div><span><img loading=\"lazy\" decoding=\"async\" src=\"https:\/\/frommenbewo.de\/wp-content\/uploads\/2024\/06\/Logo_zweizeilig_4c_RGB.jpg\" alt=\"\" width=\"1772\" height=\"531\" data-mobile-visibility=\".sp-image-block-vczbipi0uir|false\" data-tablet-visibility=\".sp-image-block-vczbipi0uir|false\" data-desktop-visibility=\".sp-image-block-vczbipi0uir|false\" srcset=\" https:\/\/frommenbewo.de\/wp-content\/uploads\/2024\/06\/Logo_zweizeilig_4c_RGB-150x150.jpg 150w, https:\/\/frommenbewo.de\/wp-content\/uploads\/2024\/06\/Logo_zweizeilig_4c_RGB-300x90.jpg 300w, https:\/\/frommenbewo.de\/wp-content\/uploads\/2024\/06\/Logo_zweizeilig_4c_RGB-1024x307.jpg 1024w, https:\/\/frommenbewo.de\/wp-content\/uploads\/2024\/06\/Logo_zweizeilig_4c_RGB.jpg 1772w\" class=\"sp-image-block-vczbipi0uir\" style=\"width: 300px;\"><\/span><\/div>\n<\/figure>\n<\/div>\n<div id=\"sp-nqmmcbjqiszo\" data-mobile-visibility=\"#sp-nqmmcbjqiszo|false\" data-tablet-visibility=\"#sp-nqmmcbjqiszo|false\" data-desktop-visibility=\"#sp-nqmmcbjqiszo|false\" data-mobile-css=\"\" data-tablet-css=\"\" class=\"sp-el-col  sp-w-full\" style=\"width: calc(33.3333% - 0px);\">\n<div id=\"sp-lggsen22zgo6\" data-mobile-css=\"#sp-lggsen22zgo6|height:40px;\" data-tablet-css=\"#sp-lggsen22zgo6|height:10px;\" class=\"sp-spacer\" style=\"height: 60px;\"><\/div>\n<\/div>\n<\/div>\n<\/section>\n<section id=\"sp-zjak2p8ee1ap\" data-mobile-visibility=\"#sp-zjak2p8ee1ap|false\" data-tablet-visibility=\"#sp-zjak2p8ee1ap|false\" data-desktop-visibility=\"#sp-zjak2p8ee1ap|true\" data-mobile-css=\"\" data-tablet-css=\"\" class=\"sp-el-section \" style=\"background-color: rgb(255, 255, 255); width: 100%; max-width: 100%;\">\n<div id=\"sp-uwzmnivnivn\" data-mobile-visibility=\"#sp-uwzmnivnivn|false\" data-tablet-visibility=\"#sp-uwzmnivnivn|false\" data-desktop-visibility=\"#sp-uwzmnivnivn|false\" data-mobile-css=\"\" data-tablet-css=\"\" class=\"sp-el-row sm:sp-flex sp-w-full  sp-m-auto sp-flex-row sp-items-center\" style=\"background-color: rgba(255, 255, 255, 0); width: auto; max-width: 1600px;\">\n<div id=\"sp-jtoga97waels\" data-mobile-visibility=\"#sp-jtoga97waels|false\" data-tablet-visibility=\"#sp-jtoga97waels|false\" data-desktop-visibility=\"#sp-jtoga97waels|false\" data-mobile-css=\"\" data-tablet-css=\"\" class=\"sp-el-col  sp-w-full\" style=\"width: calc(33.3333% - 0px);\">\n<figure id=\"sp-ckagu0kxvlk\" data-mobile-css=\"#sp-ckagu0kxvlk|text-align:center;\" data-tablet-css=\"#sp-ckagu0kxvlk|text-align:center;\" class=\"sp-image-wrapper sp-el-block\" style=\"margin: 0px; text-align: center;\">\n<div><span><a href=\"https:\/\/frommenbewo.de\/?page_id=233\" target=\"\" rel=\"noopener\" class=\"sp-inline-block\"><img loading=\"lazy\" decoding=\"async\" src=\"https:\/\/frommenbewo.de\/wp-content\/uploads\/2024\/04\/Logo_BEWO_neu_gebaut_PNG-1-1.png\" alt=\"\" width=\"2325\" height=\"1279\" srcset=\" https:\/\/frommenbewo.de\/wp-content\/uploads\/2024\/04\/Logo_BEWO_neu_gebaut_PNG-1-1-150x150.png 150w, https:\/\/frommenbewo.de\/wp-content\/uploads\/2024\/04\/Logo_BEWO_neu_gebaut_PNG-1-1-300x165.png 300w, https:\/\/frommenbewo.de\/wp-content\/uploads\/2024\/04\/Logo_BEWO_neu_gebaut_PNG-1-1-1024x563.png 1024w, https:\/\/frommenbewo.de\/wp-content\/uploads\/2024\/04\/Logo_BEWO_neu_gebaut_PNG-1-1.png 2325w\" style=\"width: 150px;\"><\/a><\/span><\/div>\n<\/figure>\n<\/div>\n<div id=\"sp-ftp3dtblalwf\" data-mobile-visibility=\"#sp-ftp3dtblalwf|false\" data-tablet-visibility=\"#sp-ftp3dtblalwf|false\" data-desktop-visibility=\"#sp-ftp3dtblalwf|false\" data-mobile-css=\"\" data-tablet-css=\"\" class=\"sp-el-col  sp-w-full\" style=\"width: calc(33.3333% - 0px);\">\n<div id=\"sp-gzgdo5\" data-mobile-css=\".sp-text-wrapper-gzgdo5, #sp-gzgdo5, #gzgdo5|text-align:center;\" data-tablet-css=\".sp-text-wrapper-gzgdo5, #sp-gzgdo5, #gzgdo5|text-align:left;\" data-mobile-visibility=\".sp-text-wrapper-gzgdo5|false\" data-tablet-visibility=\".sp-text-wrapper-gzgdo5|false\" data-desktop-visibility=\".sp-text-wrapper-gzgdo5|false\" class=\"sp-css-target sp-text-wrapper sp-el-block sp-text-block-style sp-text-wrapper-gzgdo5\" style=\"font-size: 10px; color: rgb(113, 113, 112); margin: 0px; text-align: center;\">\n<p>\u26b2&nbsp; Luxemburger Str. 284, <br \/>&nbsp; &nbsp; 50937 K\u00f6ln<br \/>\u2706 0177 8388966 <br \/>\u260f 0221\/16821887 <br \/>\ud83d\uddb7 0221\/9419194<br \/>\u2709 frommen@frommen-bewo.de<\/p>\n<\/div>\n<\/div>\n<div id=\"sp-ro0ysb5lchvc\" data-mobile-visibility=\"#sp-ro0ysb5lchvc|false\" data-tablet-visibility=\"#sp-ro0ysb5lchvc|false\" data-desktop-visibility=\"#sp-ro0ysb5lchvc|false\" data-mobile-css=\"\" data-tablet-css=\"\" class=\"sp-el-col  sp-w-full\" style=\"width: calc(33.3333% - 0px);\">\n<div id=\"krtqjvkcz1zr\" data-mobile-css=\".sp-text-wrapper-krtqjvkcz1zr, #sp-krtqjvkcz1zr, #krtqjvkcz1zr|text-align:center;\" data-tablet-css=\".sp-text-wrapper-krtqjvkcz1zr, #sp-krtqjvkcz1zr, #krtqjvkcz1zr|text-align:left;\" data-mobile-visibility=\".sp-text-wrapper-krtqjvkcz1zr|false\" data-tablet-visibility=\".sp-text-wrapper-krtqjvkcz1zr|false\" data-desktop-visibility=\".sp-text-wrapper-krtqjvkcz1zr|false\" class=\"sp-css-target sp-text-wrapper sp-el-block sp-text-block-style sp-text-wrapper-krtqjvkcz1zr mce-content-body html4-captions\" style=\"font-size: 10px; font-weight: 300; font-style: normal; color: rgb(113, 113, 112); margin: 0px; text-align: center; position: relative;\"  >\n<p><a style=\"line-height: 1.8;\" href=\"..\/?page_id=288\" data-mce-href=\"..\/?page_id=288\" data-mce-style=\"line-height: 1.8;\">Impressum<\/a><br \/><a style=\"line-height: 1.8;\" href=\"..\/wp-content\/uploads\/2024\/07\/Links-Quicksand.pdf\" target=\"_blank\" rel=\"noopener\" data-mce-href=\"..\/wp-content\/uploads\/2024\/07\/Links-Quicksand.pdf\" data-mce-style=\"line-height: 1.8;\">Relevante Links<\/a><br \/><a style=\"line-height: 1.8;\" href=\"..\/wp-content\/uploads\/2024\/07\/Beschwerdemanagement-Quicksand.pdf\" target=\"_blank\" rel=\"noopener\" data-mce-href=\"..\/wp-content\/uploads\/2024\/07\/Beschwerdemanagement-Quicksand.pdf\" data-mce-style=\"line-height: 1.8;\">Beschwerdemanagement<\/a><br \/><a style=\"line-height: 1.8;\" href=\"..\/wp-content\/uploads\/2024\/07\/Datenschutzerklaerung-Quicksand.pdf\" target=\"_blank\" rel=\"noopener\" data-mce-href=\"..\/wp-content\/uploads\/2024\/07\/Datenschutzerklaerung-Quicksand.pdf\" data-mce-style=\"line-height: 1.8;\">Datenschutzerkl\u00e4rung<\/a><br \/><a style=\"line-height: 1.8;\" href=\"..\/wp-content\/uploads\/2024\/07\/Gewaltschutz-Quicksand.pdf\" target=\"_blank\" rel=\"noopener\" data-mce-href=\"..\/wp-content\/uploads\/2024\/07\/Gewaltschutz-Quicksand.pdf\" data-mce-style=\"line-height: 1.8;\">Gewaltschutz<\/a><br \/><a style=\"line-height: 1.8;\" href=\"..\/wp-content\/uploads\/2024\/07\/Leitbild-unseres-Dienstes-Quicksand.pdf\" target=\"_blank\" rel=\"noopener\" data-mce-href=\"..\/wp-content\/uploads\/2024\/07\/Leitbild-unseres-Dienstes-Quicksand.pdf\" data-mce-style=\"line-height: 1.8;\">Leitbild unseres Dienstes<\/a><br data-mce-bogus=\"1\"><\/p>\n<\/div>\n<\/div>\n<\/div>\n<div id=\"sp-n2ossk9pctuc\" data-mobile-visibility=\"#sp-n2ossk9pctuc|false\" data-tablet-visibility=\"#sp-n2ossk9pctuc|false\" data-desktop-visibility=\"#sp-n2ossk9pctuc|false\" data-mobile-css=\"\" data-tablet-css=\"\" class=\"sp-el-row sm:sp-flex sp-w-full  sp-m-auto sp-flex-row sp-items-center\" style=\"background-color: rgb(255, 255, 255); width: auto; max-width: 1600px;\">\n<div id=\"sp-mar0zcuw5hu6\" data-mobile-visibility=\"#sp-mar0zcuw5hu6|false\" data-tablet-visibility=\"#sp-mar0zcuw5hu6|false\" data-desktop-visibility=\"#sp-mar0zcuw5hu6|false\" data-mobile-css=\"\" data-tablet-css=\"\" class=\"sp-el-col  sp-w-full\" style=\"width: calc(33.3333% - 0px);\">\n<div id=\"sp-gcwx99aruuor\" data-mobile-css=\"#sp-gcwx99aruuor|height:40px;\" data-tablet-css=\"#sp-gcwx99aruuor|height:10px;\" class=\"sp-spacer\" style=\"height: 60px;\"><\/div>\n<\/div>\n<div id=\"sp-v4fllt6k5kr8\" data-mobile-visibility=\"#sp-v4fllt6k5kr8|false\" data-tablet-visibility=\"#sp-v4fllt6k5kr8|false\" data-desktop-visibility=\"#sp-v4fllt6k5kr8|false\" data-mobile-css=\"\" data-tablet-css=\"\" class=\"sp-el-col  sp-w-full\" style=\"width: calc(33.3333% - 0px);\">\n<figure id=\"sp-w3psgxowe7jw\" data-mobile-css=\"#sp-w3psgxowe7jw|text-align:center;\" data-tablet-css=\"#sp-w3psgxowe7jw|text-align:center;\" class=\"sp-image-wrapper sp-el-block\" style=\"margin: 0px; text-align: center;\">\n<div><span><img loading=\"lazy\" decoding=\"async\" src=\"https:\/\/frommenbewo.de\/wp-content\/uploads\/2024\/06\/Logo_zweizeilig_4c_RGB.jpg\" alt=\"\" width=\"1772\" height=\"531\" data-mobile-visibility=\".sp-image-block-w3psgxowe7jw|false\" data-tablet-visibility=\".sp-image-block-w3psgxowe7jw|false\" data-desktop-visibility=\".sp-image-block-w3psgxowe7jw|false\" srcset=\" https:\/\/frommenbewo.de\/wp-content\/uploads\/2024\/06\/Logo_zweizeilig_4c_RGB-150x150.jpg 150w, https:\/\/frommenbewo.de\/wp-content\/uploads\/2024\/06\/Logo_zweizeilig_4c_RGB-300x90.jpg 300w, https:\/\/frommenbewo.de\/wp-content\/uploads\/2024\/06\/Logo_zweizeilig_4c_RGB-1024x307.jpg 1024w, https:\/\/frommenbewo.de\/wp-content\/uploads\/2024\/06\/Logo_zweizeilig_4c_RGB.jpg 1772w\" class=\"sp-image-block-w3psgxowe7jw\" style=\"width: 201px;\"><\/span><\/div>\n<\/figure>\n<\/div>\n<div id=\"sp-hayr4mxweaiv\" data-mobile-visibility=\"#sp-hayr4mxweaiv|false\" data-tablet-visibility=\"#sp-hayr4mxweaiv|false\" data-desktop-visibility=\"#sp-hayr4mxweaiv|false\" data-mobile-css=\"\" data-tablet-css=\"\" class=\"sp-el-col  sp-w-full\" style=\"width: calc(33.3333% - 0px);\">\n<div id=\"sp-tiddnrkk348\" data-mobile-css=\".sp-text-wrapper-tiddnrkk348, #sp-tiddnrkk348, #tiddnrkk348|text-align:center;\" data-tablet-css=\".sp-text-wrapper-tiddnrkk348, #sp-tiddnrkk348, #tiddnrkk348|text-align:left;\" data-mobile-visibility=\".sp-text-wrapper-tiddnrkk348|false\" data-tablet-visibility=\".sp-text-wrapper-tiddnrkk348|false\" data-desktop-visibility=\".sp-text-wrapper-tiddnrkk348|false\" class=\"sp-css-target sp-text-wrapper sp-el-block sp-text-block-style sp-text-wrapper-tiddnrkk348\" style=\"font-size: 10px; font-weight: 300; font-style: normal; font-family: 'Quicksand'; color: rgb(113, 113, 112); margin: 0px; text-align: center;\">\n<p>\u00a9 2024 Frommen BEWO<\/p>\n<\/div>\n<\/div>\n<\/div>\n<\/section>\n<\/div>\n","protected":false},"excerpt":{"rendered":"<p>Unsere Angebote Assistenzleistungen als Leistung zur Sozialen Teilhabe Wir bieten Assistenzleistungen an, um Menschen mit Beeintr\u00e4chtigungen ihre gleichberechtigte soziale Teilhabe zu erleichtern bzw. zu erm\u00f6glichen. Es handelt sich hier um Leistungen der qualifizierten und kompensatorischen Assistenz, die die leistungsberechtigte Person darin unterst\u00fctzen, den Alltag einschlie\u00dflich der Tagesstrukturierung selbstbestimmt und eigenst\u00e4ndig zu bew\u00e4ltigen. Die Leistungen umfassen [&hellip;]<\/p>\n","protected":false},"author":3,"featured_media":0,"parent":0,"menu_order":0,"comment_status":"closed","ping_status":"closed","template":"","meta":{"om_disable_all_campaigns":false,"_monsterinsights_skip_tracking":false,"_monsterinsights_sitenote_active":false,"_monsterinsights_sitenote_note":"","_monsterinsights_sitenote_category":0,"footnotes":""},"aioseo_notices":[],"_links":{"self":[{"href":"https:\/\/frommenbewo.de\/index.php?rest_route=\/wp\/v2\/pages\/298"}],"collection":[{"href":"https:\/\/frommenbewo.de\/index.php?rest_route=\/wp\/v2\/pages"}],"about":[{"href":"https:\/\/frommenbewo.de\/index.php?rest_route=\/wp\/v2\/types\/page"}],"author":[{"embeddable":true,"href":"https:\/\/frommenbewo.de\/index.php?rest_route=\/wp\/v2\/users\/3"}],"replies":[{"embeddable":true,"href":"https:\/\/frommenbewo.de\/index.php?rest_route=%2Fwp%2Fv2%2Fcomments&post=298"}],"version-history":[{"count":46,"href":"https:\/\/frommenbewo.de\/index.php?rest_route=\/wp\/v2\/pages\/298\/revisions"}],"predecessor-version":[{"id":919,"href":"https:\/\/frommenbewo.de\/index.php?rest_route=\/wp\/v2\/pages\/298\/revisions\/919"}],"wp:attachment":[{"href":"https:\/\/frommenbewo.de\/index.php?rest_route=%2Fwp%2Fv2%2Fmedia&parent=298"}],"curies":[{"name":"wp","href":"https:\/\/api.w.org\/{rel}","templated":true}]}}